{"id":2103,"date":"2022-07-11T21:52:00","date_gmt":"2022-07-12T01:52:00","guid":{"rendered":"https:\/\/lecarredeslombes.com\/projet\/faunes-variations\/"},"modified":"2025-04-14T09:46:51","modified_gmt":"2025-04-14T13:46:51","slug":"faunes-variations","status":"publish","type":"project","link":"https:\/\/lecarredeslombes.com\/fr\/projet\/faunes-variations\/","title":{"rendered":"Faunes-Variations"},"content":{"rendered":"<p>[et_pb_section fb_built=\u00a0\u00bb1&Prime; specialty=\u00a0\u00bbon\u00a0\u00bb module_class_1=\u00a0\u00bbheading_column\u00a0\u00bb module_class_2=\u00a0\u00bbcontent_column\u00a0\u00bb _builder_version=\u00a0\u00bb4.26.0&Prime; _module_preset=\u00a0\u00bb7d5a0925-f86c-459c-b087-75ec2ffd90eb\u00a0\u00bb module_alignment=\u00a0\u00bbcenter\u00a0\u00bb inner_width=\u00a0\u00bb100%\u00a0\u00bb inner_max_width=\u00a0\u00bb100%\u00a0\u00bb inner_module_alignment=\u00a0\u00bbcenter\u00a0\u00bb custom_padding=\u00a0\u00bb0px||0px|||\u00a0\u00bb global_colors_info=\u00a0\u00bb{}\u00a0\u00bb][et_pb_column type=\u00a0\u00bb1_4&Prime; _builder_version=\u00a0\u00bb4.16&Prime; custom_padding=\u00a0\u00bb|||\u00a0\u00bb global_colors_info=\u00a0\u00bb{}\u00a0\u00bb custom_padding__hover=\u00a0\u00bb|||\u00a0\u00bb][et_pb_heading title=\u00a0\u00bb@ET-DC@eyJkeW5hbWljIjp0cnVlLCJjb250ZW50IjoiY3VzdG9tX21ldGFfeWVhciIsInNldHRpbmdzIjp7ImJlZm9yZSI6IiIsImFmdGVyIjoiIiwiZW5hYmxlX2h0bWwiOiJvZmYifX0=@\u00a0\u00bb _builder_version=\u00a0\u00bb4.26.0&Prime; _dynamic_attributes=\u00a0\u00bbtitle\u00a0\u00bb _module_preset=\u00a0\u00bbdefault\u00a0\u00bb title_level=\u00a0\u00bbh4&Prime; custom_css_free_form=\u00a0\u00bbselector h4{||  white-space:nowrap;||}\u00a0\u00bb global_colors_info=\u00a0\u00bb{}\u00a0\u00bb][\/et_pb_heading][\/et_pb_column][et_pb_column type=\u00a0\u00bb3_4&Prime; specialty_columns=\u00a0\u00bb3&Prime; _builder_version=\u00a0\u00bb4.16&Prime; custom_padding=\u00a0\u00bb|||\u00a0\u00bb global_colors_info=\u00a0\u00bb{}\u00a0\u00bb custom_padding__hover=\u00a0\u00bb|||\u00a0\u00bb][et_pb_row_inner _builder_version=\u00a0\u00bb4.26.0&Prime; _module_preset=\u00a0\u00bbdefault\u00a0\u00bb width=\u00a0\u00bb72em\u00a0\u00bb max_width=\u00a0\u00bb100%\u00a0\u00bb module_alignment=\u00a0\u00bbcenter\u00a0\u00bb custom_margin=\u00a0\u00bb|auto||auto|false|true\u00a0\u00bb custom_padding=\u00a0\u00bb0px||40px|0rem|false|false\u00a0\u00bb animation_style=\u00a0\u00bbslide\u00a0\u00bb animation_direction=\u00a0\u00bbright\u00a0\u00bb global_colors_info=\u00a0\u00bb{}\u00a0\u00bb][et_pb_column_inner saved_specialty_column_type=\u00a0\u00bb3_4&Prime; _builder_version=\u00a0\u00bb4.26.0&Prime; _module_preset=\u00a0\u00bbdefault\u00a0\u00bb global_colors_info=\u00a0\u00bb{}\u00a0\u00bb][et_pb_image src=\u00a0\u00bbhttps:\/\/lecarredeslombes.com\/wp-content\/uploads\/2022\/07\/DSCF5167_copie.jpg\u00a0\u00bb alt=\u00a0\u00bbMyriam Arseneault Campbell, Milan Panet-Gigon \u00a9 Luc Sen\u00e9cal\u00a0\u00bb title_text=\u00a0\u00bbMyriam Arseneault Campbell, Milan Panet-Gigon \u00a9 Luc Sen\u00e9cal\u00a0\u00bb show_in_lightbox=\u00a0\u00bbon\u00a0\u00bb _builder_version=\u00a0\u00bb4.26.0&Prime; _module_preset=\u00a0\u00bbdefault\u00a0\u00bb custom_css_free_form=\u00a0\u00bbselector{||  max-width:220px;||  filter:grayscale(1);||}\u00a0\u00bb global_colors_info=\u00a0\u00bb{}\u00a0\u00bb][\/et_pb_image][\/et_pb_column_inner][\/et_pb_row_inner][et_pb_row_inner column_structure=\u00a0\u00bb1_2,1_2&Prime; _builder_version=\u00a0\u00bb4.26.0&Prime; _module_preset=\u00a0\u00bbdefault\u00a0\u00bb custom_padding=\u00a0\u00bb||0px|||\u00a0\u00bb custom_css_free_form=\u00a0\u00bbselector{||\/*  position:static;*\/||  width: calc(100% &#8211; 6 rem);||}\u00a0\u00bb global_colors_info=\u00a0\u00bb{}\u00a0\u00bb][et_pb_column_inner type=\u00a0\u00bb1_2&Prime; saved_specialty_column_type=\u00a0\u00bb3_4&Prime; _builder_version=\u00a0\u00bb4.26.0&Prime; _module_preset=\u00a0\u00bbdefault\u00a0\u00bb custom_css_free_form=\u00a0\u00bbselector{||  width:100% !important;||}\u00a0\u00bb global_colors_info=\u00a0\u00bb{}\u00a0\u00bb][et_pb_image src=\u00a0\u00bbhttps:\/\/lecarredeslombes.com\/wp-content\/uploads\/2024\/07\/DSCF5113_copie_2_copie.jpg\u00a0\u00bb alt=\u00a0\u00bbMyriam Arseneault Campbell, Milan Panet-Gigon \u00a9 Luc Sen\u00e9cal\u00a0\u00bb title_text=\u00a0\u00bbMyriam Arseneault Campbell, Milan Panet-Gigon \u00a9 Luc Sen\u00e9cal\u00a0\u00bb show_in_lightbox=\u00a0\u00bbon\u00a0\u00bb align=\u00a0\u00bbcenter\u00a0\u00bb _builder_version=\u00a0\u00bb4.26.0&Prime; _module_preset=\u00a0\u00bbdefault\u00a0\u00bb width=\u00a0\u00bb635px\u00a0\u00bb module_alignment=\u00a0\u00bbcenter\u00a0\u00bb custom_margin=\u00a0\u00bb|auto||auto|false|true\u00a0\u00bb global_colors_info=\u00a0\u00bb{}\u00a0\u00bb][\/et_pb_image][et_pb_text module_class=\u00a0\u00bbspan-6&Prime; _builder_version=\u00a0\u00bb4.26.0&Prime; _module_preset=\u00a0\u00bbdefault\u00a0\u00bb custom_margin=\u00a0\u00bb||5px|||\u00a0\u00bb global_colors_info=\u00a0\u00bb{}\u00a0\u00bb]<\/p>\n<h4>SITE-SPECIFIC CREATION<br \/>\nAT THE REFORD GARDENS<br \/>\nPRESENTED FROM JULY 25 TO 28, 2022<\/h4>\n<p>Dani\u00e8le Desnoyers and her company Le Carr\u00e9 des Lombes return to the Reford Gardens to present a new event. The Quebec choreographer continues her investigation of dance \u00ab\u00a0outside the walls\u00a0\u00bb as part of a cycle of creations entitled Les sc\u00e9nographies-paysages, in which she explores the artistic potential of singular natural spaces.<\/p>\n<p>The Reford Gardens come to life, movement appears in a form other than that of light, wind or the unfolding of flowers. A sensitive reading of the spaces leads the dance artists to invest different parts of the gardens, to elaborate their own performances without distorting the essence of the place, wanting rather to melt into it. Passers-by are free to immerse themselves in these gentle presences, to flush them out and to linger there without any time constraints. They act in a furtive way, like a fauna which moves in search of a shelter or a new habitat.<\/p>\n<p>Then, in a protected enclave of these lush gardens, the artists join together around La V\u00e9randa, an installation designed by architect Pierre Thibault. The audience is then welcomed into this intimate setting where a string quartet and five dancers come together for a final celebration of life. Music by Purcell, Bach and Tartini enchant the gardens just before dusk and provide a sound setting for a dizzying and sensitive dance.[\/et_pb_text][dpddg_dynamic_gallery dynamic_content=\u00a0\u00bbon\u00a0\u00bb dynamic_content_src=\u00a0\u00bbwoo\u00a0\u00bb show_overlay=\u00a0\u00bbon\u00a0\u00bb overlay_action=\u00a0\u00bbgallery\u00a0\u00bb overlay_data=\u00a0\u00bboff|off|off\u00a0\u00bb module_id=\u00a0\u00bbphoto-gallery\u00a0\u00bb _builder_version=\u00a0\u00bb4.26.0&Prime; _module_preset=\u00a0\u00bbdefault\u00a0\u00bb global_colors_info=\u00a0\u00bb{}\u00a0\u00bb][\/dpddg_dynamic_gallery][\/et_pb_column_inner][et_pb_column_inner type=\u00a0\u00bb1_2&Prime; saved_specialty_column_type=\u00a0\u00bb3_4&Prime; _builder_version=\u00a0\u00bb4.26.0&Prime; _module_preset=\u00a0\u00bbdefault\u00a0\u00bb positioning=\u00a0\u00bbabsolute\u00a0\u00bb position_origin_a=\u00a0\u00bbtop_right\u00a0\u00bb position_origin_f=\u00a0\u00bbtop_right\u00a0\u00bb position_origin_r=\u00a0\u00bbtop_right\u00a0\u00bb custom_css_free_form=\u00a0\u00bbselector{||  width: 356px;||}\u00a0\u00bb global_colors_info=\u00a0\u00bb{}\u00a0\u00bb][et_pb_image src=\u00a0\u00bbhttps:\/\/lecarredeslombes.com\/wp-content\/uploads\/2022\/07\/DSCF2668_copie.jpg\u00a0\u00bb alt=\u00a0\u00bbJean-Benoit Labrecque \u00a9 Luc Sen\u00e9cal\u00a0\u00bb title_text=\u00a0\u00bbJean-Benoit Labrecque \u00a9 Luc Sen\u00e9cal\u00a0\u00bb show_in_lightbox=\u00a0\u00bbon\u00a0\u00bb align=\u00a0\u00bbright\u00a0\u00bb _builder_version=\u00a0\u00bb4.26.0&Prime; _module_preset=\u00a0\u00bbdefault\u00a0\u00bb custom_margin=\u00a0\u00bb||10px|||\u00a0\u00bb custom_css_free_form=\u00a0\u00bbselector{||  filter:grayscale(1);||  max-width:170px;||}\u00a0\u00bb global_colors_info=\u00a0\u00bb{}\u00a0\u00bb][\/et_pb_image][et_pb_image src=\u00a0\u00bbhttps:\/\/lecarredeslombes.com\/wp-content\/uploads\/2022\/07\/DSCF2668_copie.jpg\u00a0\u00bb alt=\u00a0\u00bbJean-Benoit Labrecque \u00a9 Luc Sen\u00e9cal\u00a0\u00bb title_text=\u00a0\u00bbJean-Benoit Labrecque \u00a9 Luc Sen\u00e9cal\u00a0\u00bb show_in_lightbox=\u00a0\u00bbon\u00a0\u00bb align=\u00a0\u00bbright\u00a0\u00bb _builder_version=\u00a0\u00bb4.26.0&Prime; _module_preset=\u00a0\u00bbdefault\u00a0\u00bb custom_css_free_form=\u00a0\u00bbselector{||  filter:grayscale(1);||  max-width:170px;||}\u00a0\u00bb global_colors_info=\u00a0\u00bb{}\u00a0\u00bb][\/et_pb_image][\/et_pb_column_inner][\/et_pb_row_inner][et_pb_row_inner column_structure=\u00a0\u00bb1_2,1_2&Prime; _builder_version=\u00a0\u00bb4.26.0&Prime; _module_preset=\u00a0\u00bbdefault\u00a0\u00bb custom_padding=\u00a0\u00bb0px||0px|||\u00a0\u00bb custom_css_free_form=\u00a0\u00bbselector{||\/*  position:static;*\/||  width: calc(100% &#8211; 6 rem);||}\u00a0\u00bb global_colors_info=\u00a0\u00bb{}\u00a0\u00bb][et_pb_column_inner type=\u00a0\u00bb1_2&Prime; saved_specialty_column_type=\u00a0\u00bb3_4&Prime; _builder_version=\u00a0\u00bb4.26.0&Prime; _module_preset=\u00a0\u00bbdefault\u00a0\u00bb custom_css_free_form=\u00a0\u00bbselector{||  width:100% !important;||}\u00a0\u00bb global_colors_info=\u00a0\u00bb{}\u00a0\u00bb][dpddg_dynamic_gallery dynamic_content=\u00a0\u00bbon\u00a0\u00bb dynamic_content_src=\u00a0\u00bbwoo\u00a0\u00bb show_overlay=\u00a0\u00bbon\u00a0\u00bb overlay_action=\u00a0\u00bbgallery\u00a0\u00bb overlay_data=\u00a0\u00bboff|off|off\u00a0\u00bb module_id=\u00a0\u00bbphoto-gallery\u00a0\u00bb _builder_version=\u00a0\u00bb4.26.0&Prime; _module_preset=\u00a0\u00bbdefault\u00a0\u00bb global_colors_info=\u00a0\u00bb{}\u00a0\u00bb][\/dpddg_dynamic_gallery][\/et_pb_column_inner][et_pb_column_inner type=\u00a0\u00bb1_2&Prime; saved_specialty_column_type=\u00a0\u00bb3_4&Prime; _builder_version=\u00a0\u00bb4.26.0&Prime; _module_preset=\u00a0\u00bbdefault\u00a0\u00bb positioning=\u00a0\u00bbabsolute\u00a0\u00bb position_origin_a=\u00a0\u00bbtop_right\u00a0\u00bb position_origin_f=\u00a0\u00bbtop_right\u00a0\u00bb position_origin_r=\u00a0\u00bbtop_right\u00a0\u00bb custom_css_free_form=\u00a0\u00bbselector{||  width: 356px;||}\u00a0\u00bb global_colors_info=\u00a0\u00bb{}\u00a0\u00bb][\/et_pb_column_inner][\/et_pb_row_inner][et_pb_row_inner column_structure=\u00a0\u00bb1_2,1_2&Prime; _builder_version=\u00a0\u00bb4.26.0&Prime; _module_preset=\u00a0\u00bbdefault\u00a0\u00bb custom_padding=\u00a0\u00bb0px||0px|||\u00a0\u00bb custom_css_free_form=\u00a0\u00bbselector{||\/*  position:static;*\/||  width: calc(100% &#8211; 6 rem);||}\u00a0\u00bb global_colors_info=\u00a0\u00bb{}\u00a0\u00bb][et_pb_column_inner type=\u00a0\u00bb1_2&Prime; saved_specialty_column_type=\u00a0\u00bb3_4&Prime; _builder_version=\u00a0\u00bb4.26.0&Prime; _module_preset=\u00a0\u00bbdefault\u00a0\u00bb custom_css_free_form=\u00a0\u00bbselector{||  width:100% !important;||}\u00a0\u00bb global_colors_info=\u00a0\u00bb{}\u00a0\u00bb][dpddg_dynamic_gallery dynamic_content=\u00a0\u00bbon\u00a0\u00bb dynamic_content_src=\u00a0\u00bbwoo\u00a0\u00bb show_overlay=\u00a0\u00bbon\u00a0\u00bb overlay_action=\u00a0\u00bbgallery\u00a0\u00bb overlay_data=\u00a0\u00bboff|off|off\u00a0\u00bb module_id=\u00a0\u00bbphoto-gallery\u00a0\u00bb _builder_version=\u00a0\u00bb4.26.0&Prime; _module_preset=\u00a0\u00bbdefault\u00a0\u00bb global_colors_info=\u00a0\u00bb{}\u00a0\u00bb][\/dpddg_dynamic_gallery][\/et_pb_column_inner][et_pb_column_inner type=\u00a0\u00bb1_2&Prime; saved_specialty_column_type=\u00a0\u00bb3_4&Prime; _builder_version=\u00a0\u00bb4.26.0&Prime; _module_preset=\u00a0\u00bbdefault\u00a0\u00bb positioning=\u00a0\u00bbabsolute\u00a0\u00bb position_origin_a=\u00a0\u00bbtop_right\u00a0\u00bb position_origin_f=\u00a0\u00bbtop_right\u00a0\u00bb position_origin_r=\u00a0\u00bbtop_right\u00a0\u00bb custom_css_free_form=\u00a0\u00bbselector{||  width: 356px;||}\u00a0\u00bb global_colors_info=\u00a0\u00bb{}\u00a0\u00bb][\/et_pb_column_inner][\/et_pb_row_inner][\/et_pb_column][\/et_pb_section][et_pb_section fb_built=\u00a0\u00bb1&Prime; _builder_version=\u00a0\u00bb4.26.0&Prime; _module_preset=\u00a0\u00bbdefault\u00a0\u00bb custom_padding=\u00a0\u00bb0px|||||\u00a0\u00bb global_colors_info=\u00a0\u00bb{}\u00a0\u00bb][et_pb_row column_structure=\u00a0\u00bb1_2,1_2&Prime; _builder_version=\u00a0\u00bb4.26.0&Prime; _module_preset=\u00a0\u00bbdefault\u00a0\u00bb global_colors_info=\u00a0\u00bb{}\u00a0\u00bb][et_pb_column type=\u00a0\u00bb1_2&Prime; _builder_version=\u00a0\u00bb4.26.0&Prime; _module_preset=\u00a0\u00bbdefault\u00a0\u00bb global_colors_info=\u00a0\u00bb{}\u00a0\u00bb][\/et_pb_column][et_pb_column type=\u00a0\u00bb1_2&Prime; _builder_version=\u00a0\u00bb4.26.0&Prime; _module_preset=\u00a0\u00bbdefault\u00a0\u00bb global_colors_info=\u00a0\u00bb{}\u00a0\u00bb][et_pb_text _builder_version=\u00a0\u00bb4.26.0&Prime; _module_preset=\u00a0\u00bbdefault\u00a0\u00bb header_3_font=\u00a0\u00bb|||on|||||\u00a0\u00bb header_3_font_size=\u00a0\u00bb3.5rem\u00a0\u00bb global_colors_info=\u00a0\u00bb{}\u00a0\u00bb]<\/p>\n<h3 class=\"mbx2\">Credits<\/h3>\n<table>\n<tbody>\n<tr>\n<td>\n<h4>Conception and Choreography<\/h4>\n<p><a href=\"https:\/\/www.lecarredeslombes.com\/en\/daniele-desnoyers\" rel=\"noopener noreferrer\" target=\"_blank\">Dani\u00e8le Desnoyers<\/a>, in collaboration with the dancers, and the musicians of the Conservatoire de musique de Rimouski<\/p>\n<h4>Musicians<\/h4>\n<p>Elisa Trudel<br \/>Marie-Edith Racine<br \/>Elo\u00efse Gosselin<br \/>Alice St-Laurent<\/p>\n<h4>Repeater<\/h4>\n<p>Emmanuelle Bourassa Beaudoin<\/p>\n<\/td>\n<td>\n<h4>Dancers<\/h4>\n<p>Myriam Arseneault Campbell<br \/>Jean-Benoit Labrecque<br \/>Abe Simon Mijnheer<br \/>Milan Panet-Gigon<br \/>Bront\u00eb Poir\u00e9-Prest<\/p>\n<h4>Costumes<\/h4>\n<p><a href=\"https:\/\/www.lecarredeslombes.com\/en\/daniele-desnoyers\" rel=\"noopener noreferrer\" target=\"_blank\">Dani\u00e8le Desnoyers<\/a>, in artistic collaboration with <a href=\"https:\/\/carrefourdesarts.ca\/techniciens\/marianne-theriault\" rel=\"noopener noreferrer\" target=\"_blank\">Marianne Th\u00e9riault <\/a><\/p>\n<\/td>\n<\/tr>\n<\/tbody>\n<\/table>\n<p>[\/et_pb_text][\/et_pb_column][\/et_pb_row][\/et_pb_section]<\/p>\n","protected":false},"excerpt":{"rendered":"<p>SITE-SPECIFIC CREATION AT THE REFORD GARDENS PRESENTED FROM JULY 25 TO 28, 2022 Dani\u00e8le Desnoyers and her company Le Carr\u00e9 des Lombes return to the Reford Gardens to present a [&hellip;]<\/p>\n","protected":false},"author":1,"featured_media":0,"menu_order":0,"comment_status":"open","ping_status":"closed","template":"","meta":{"_acf_changed":false,"_et_pb_use_builder":"on","_et_pb_old_content":"","_et_gb_content_width":"","inline_featured_image":false,"footnotes":""},"project_category":[19,21],"project_tag":[],"class_list":["post-2103","project","type-project","status-publish","hentry","project_category-creations-fr","project_category-projects-fr"],"acf":[],"yoast_head":"<!-- This site is optimized with the Yoast SEO plugin v27.5 - https:\/\/yoast.com\/product\/yoast-seo-wordpress\/ -->\n<title>Faunes-Variations - Le carr&eacute; des Lombes<\/title>\n<meta name=\"robots\" content=\"index, follow, max-snippet:-1, max-image-preview:large, max-video-preview:-1\" \/>\n<link rel=\"canonical\" href=\"https:\/\/lecarredeslombes.com\/fr\/projet\/faunes-variations\/\" \/>\n<meta property=\"og:locale\" content=\"fr_FR\" \/>\n<meta property=\"og:type\" content=\"article\" \/>\n<meta property=\"og:title\" content=\"Faunes-Variations - Le carr&eacute; des Lombes\" \/>\n<meta property=\"og:description\" content=\"SITE-SPECIFIC CREATION AT THE REFORD GARDENS PRESENTED FROM JULY 25 TO 28, 2022 Dani\u00e8le Desnoyers and her company Le Carr\u00e9 des Lombes return to the Reford Gardens to present a [&hellip;]\" \/>\n<meta property=\"og:url\" content=\"https:\/\/lecarredeslombes.com\/fr\/projet\/faunes-variations\/\" \/>\n<meta property=\"og:site_name\" content=\"Le carr&eacute; des Lombes\" \/>\n<meta property=\"article:modified_time\" content=\"2025-04-14T13:46:51+00:00\" \/>\n<meta name=\"twitter:card\" content=\"summary_large_image\" \/>\n<meta name=\"twitter:label1\" content=\"Dur\u00e9e de lecture estim\u00e9e\" \/>\n\t<meta name=\"twitter:data1\" content=\"6 minutes\" \/>\n<script type=\"application\/ld+json\" class=\"yoast-schema-graph\">{\"@context\":\"https:\\\/\\\/schema.org\",\"@graph\":[{\"@type\":\"WebPage\",\"@id\":\"https:\\\/\\\/lecarredeslombes.com\\\/fr\\\/projet\\\/faunes-variations\\\/\",\"url\":\"https:\\\/\\\/lecarredeslombes.com\\\/fr\\\/projet\\\/faunes-variations\\\/\",\"name\":\"Faunes-Variations - Le carr&eacute; des Lombes\",\"isPartOf\":{\"@id\":\"https:\\\/\\\/lecarredeslombes.com\\\/fr\\\/#website\"},\"datePublished\":\"2022-07-12T01:52:00+00:00\",\"dateModified\":\"2025-04-14T13:46:51+00:00\",\"breadcrumb\":{\"@id\":\"https:\\\/\\\/lecarredeslombes.com\\\/fr\\\/projet\\\/faunes-variations\\\/#breadcrumb\"},\"inLanguage\":\"fr-FR\",\"potentialAction\":[{\"@type\":\"ReadAction\",\"target\":[\"https:\\\/\\\/lecarredeslombes.com\\\/fr\\\/projet\\\/faunes-variations\\\/\"]}]},{\"@type\":\"BreadcrumbList\",\"@id\":\"https:\\\/\\\/lecarredeslombes.com\\\/fr\\\/projet\\\/faunes-variations\\\/#breadcrumb\",\"itemListElement\":[{\"@type\":\"ListItem\",\"position\":1,\"name\":\"Accueil\",\"item\":\"https:\\\/\\\/lecarredeslombes.com\\\/fr\\\/\"},{\"@type\":\"ListItem\",\"position\":2,\"name\":\"Projects\",\"item\":\"https:\\\/\\\/lecarredeslombes.com\\\/en\\\/projet\\\/\"},{\"@type\":\"ListItem\",\"position\":3,\"name\":\"Faunes-Variations\"}]},{\"@type\":\"WebSite\",\"@id\":\"https:\\\/\\\/lecarredeslombes.com\\\/fr\\\/#website\",\"url\":\"https:\\\/\\\/lecarredeslombes.com\\\/fr\\\/\",\"name\":\"Le carr&eacute; des Lombes\",\"description\":\"Compagnie de danse fond\u00e9e par la chor\u00e9graphe Dani\u00e8le Desnoyers\",\"potentialAction\":[{\"@type\":\"SearchAction\",\"target\":{\"@type\":\"EntryPoint\",\"urlTemplate\":\"https:\\\/\\\/lecarredeslombes.com\\\/fr\\\/?s={search_term_string}\"},\"query-input\":{\"@type\":\"PropertyValueSpecification\",\"valueRequired\":true,\"valueName\":\"search_term_string\"}}],\"inLanguage\":\"fr-FR\"}]}<\/script>\n<!-- \/ Yoast SEO plugin. -->","yoast_head_json":{"title":"Faunes-Variations - Le carr&eacute; des Lombes","robots":{"index":"index","follow":"follow","max-snippet":"max-snippet:-1","max-image-preview":"max-image-preview:large","max-video-preview":"max-video-preview:-1"},"canonical":"https:\/\/lecarredeslombes.com\/fr\/projet\/faunes-variations\/","og_locale":"fr_FR","og_type":"article","og_title":"Faunes-Variations - Le carr&eacute; des Lombes","og_description":"SITE-SPECIFIC CREATION AT THE REFORD GARDENS PRESENTED FROM JULY 25 TO 28, 2022 Dani\u00e8le Desnoyers and her company Le Carr\u00e9 des Lombes return to the Reford Gardens to present a [&hellip;]","og_url":"https:\/\/lecarredeslombes.com\/fr\/projet\/faunes-variations\/","og_site_name":"Le carr&eacute; des Lombes","article_modified_time":"2025-04-14T13:46:51+00:00","twitter_card":"summary_large_image","twitter_misc":{"Dur\u00e9e de lecture estim\u00e9e":"6 minutes"},"schema":{"@context":"https:\/\/schema.org","@graph":[{"@type":"WebPage","@id":"https:\/\/lecarredeslombes.com\/fr\/projet\/faunes-variations\/","url":"https:\/\/lecarredeslombes.com\/fr\/projet\/faunes-variations\/","name":"Faunes-Variations - Le carr&eacute; des Lombes","isPartOf":{"@id":"https:\/\/lecarredeslombes.com\/fr\/#website"},"datePublished":"2022-07-12T01:52:00+00:00","dateModified":"2025-04-14T13:46:51+00:00","breadcrumb":{"@id":"https:\/\/lecarredeslombes.com\/fr\/projet\/faunes-variations\/#breadcrumb"},"inLanguage":"fr-FR","potentialAction":[{"@type":"ReadAction","target":["https:\/\/lecarredeslombes.com\/fr\/projet\/faunes-variations\/"]}]},{"@type":"BreadcrumbList","@id":"https:\/\/lecarredeslombes.com\/fr\/projet\/faunes-variations\/#breadcrumb","itemListElement":[{"@type":"ListItem","position":1,"name":"Accueil","item":"https:\/\/lecarredeslombes.com\/fr\/"},{"@type":"ListItem","position":2,"name":"Projects","item":"https:\/\/lecarredeslombes.com\/en\/projet\/"},{"@type":"ListItem","position":3,"name":"Faunes-Variations"}]},{"@type":"WebSite","@id":"https:\/\/lecarredeslombes.com\/fr\/#website","url":"https:\/\/lecarredeslombes.com\/fr\/","name":"Le carr&eacute; des Lombes","description":"Compagnie de danse fond\u00e9e par la chor\u00e9graphe Dani\u00e8le Desnoyers","potentialAction":[{"@type":"SearchAction","target":{"@type":"EntryPoint","urlTemplate":"https:\/\/lecarredeslombes.com\/fr\/?s={search_term_string}"},"query-input":{"@type":"PropertyValueSpecification","valueRequired":true,"valueName":"search_term_string"}}],"inLanguage":"fr-FR"}]}},"_links":{"self":[{"href":"https:\/\/lecarredeslombes.com\/fr\/wp-json\/wp\/v2\/project\/2103","targetHints":{"allow":["GET"]}}],"collection":[{"href":"https:\/\/lecarredeslombes.com\/fr\/wp-json\/wp\/v2\/project"}],"about":[{"href":"https:\/\/lecarredeslombes.com\/fr\/wp-json\/wp\/v2\/types\/project"}],"author":[{"embeddable":true,"href":"https:\/\/lecarredeslombes.com\/fr\/wp-json\/wp\/v2\/users\/1"}],"replies":[{"embeddable":true,"href":"https:\/\/lecarredeslombes.com\/fr\/wp-json\/wp\/v2\/comments?post=2103"}],"version-history":[{"count":0,"href":"https:\/\/lecarredeslombes.com\/fr\/wp-json\/wp\/v2\/project\/2103\/revisions"}],"wp:attachment":[{"href":"https:\/\/lecarredeslombes.com\/fr\/wp-json\/wp\/v2\/media?parent=2103"}],"wp:term":[{"taxonomy":"project_category","embeddable":true,"href":"https:\/\/lecarredeslombes.com\/fr\/wp-json\/wp\/v2\/project_category?post=2103"},{"taxonomy":"project_tag","embeddable":true,"href":"https:\/\/lecarredeslombes.com\/fr\/wp-json\/wp\/v2\/project_tag?post=2103"}],"curies":[{"name":"wp","href":"https:\/\/api.w.org\/{rel}","templated":true}]}}